{"id":1075,"date":"2019-09-17T14:07:28","date_gmt":"2019-09-17T17:07:28","guid":{"rendered":"http:\/\/bilica.org.br\/?page_id=1075"},"modified":"2024-07-10T18:33:46","modified_gmt":"2024-07-10T21:33:46","slug":"voluntarios-da-bilica","status":"publish","type":"page","link":"https:\/\/bilica.org.br\/?page_id=1075","title":{"rendered":"Volunt\u00e1rios da BILICA"},"content":{"rendered":"<h1><span style=\"font-size: 14pt;\">A Bilica conta com a colabora\u00e7\u00e3o preciosa de muitas pessoas para realizar as atividades.<\/span><\/h1>\n<figure id=\"attachment_1087\" aria-describedby=\"caption-attachment-1087\" style=\"width: 474px\" class=\"wp-caption alignnone\"><a href=\"http:\/\/bilica.org.br\/wp-content\/uploads\/2019\/09\/voluntarios_bilica.jpeg\"><img loading=\"lazy\" decoding=\"async\" class=\"wp-image-1087 size-large\" src=\"http:\/\/bilica.org.br\/wp-content\/uploads\/2019\/09\/voluntarios_bilica-1024x768.jpeg\" alt=\"\" width=\"474\" height=\"356\" srcset=\"https:\/\/bilica.org.br\/wp-content\/uploads\/2019\/09\/voluntarios_bilica-1024x768.jpeg 1024w, https:\/\/bilica.org.br\/wp-content\/uploads\/2019\/09\/voluntarios_bilica-300x225.jpeg 300w, https:\/\/bilica.org.br\/wp-content\/uploads\/2019\/09\/voluntarios_bilica-768x576.jpeg 768w, https:\/\/bilica.org.br\/wp-content\/uploads\/2019\/09\/voluntarios_bilica.jpeg 1032w\" sizes=\"auto, (max-width: 474px) 100vw, 474px\" \/><\/a><figcaption id=\"caption-attachment-1087\" class=\"wp-caption-text\">Da esquerda pra direita Saul e Tereza (volunt\u00e1rios desde\u00a0set\/2007), Arthur e Roger (volunt\u00e1rios desde set\/2019), Mary (volunt\u00e1ria desde set\/2007). Crislaine e Igor (volunt\u00e1rios desde abril\/2019), Josalba\u00a0 e D\u00f3ris (volunt\u00e1rias desde set\/2007).<\/figcaption><\/figure>\n<div id='gallery-1' class='gallery galleryid-1075 gallery-columns-3 gallery-size-thumbnail'><figure class='gallery-item'>\n\t\t\t<div class='gallery-icon landscape'>\n\t\t\t\t<a href='https:\/\/bilica.org.br\/?attachment_id=1108'><img loading=\"lazy\" decoding=\"async\" width=\"150\" height=\"150\" src=\"https:\/\/bilica.org.br\/wp-content\/uploads\/2019\/09\/mary-150x150.jpg\" class=\"attachment-thumbnail size-thumbnail\" alt=\"\" aria-describedby=\"gallery-1-1108\" srcset=\"https:\/\/bilica.org.br\/wp-content\/uploads\/2019\/09\/mary-150x150.jpg 150w, https:\/\/bilica.org.br\/wp-content\/uploads\/2019\/09\/mary.jpg 190w\" sizes=\"auto, (max-width: 150px) 100vw, 150px\" \/><\/a>\n\t\t\t<\/div>\n\t\t\t\t<figcaption class='wp-caption-text gallery-caption' id='gallery-1-1108'>\n\t\t\t\tMary, volunt\u00e1ria desde set\/2007\n\t\t\t\t<\/figcaption><\/figure><figure class='gallery-item'>\n\t\t\t<div class='gallery-icon landscape'>\n\t\t\t\t<a href='https:\/\/bilica.org.br\/?attachment_id=1109'><img loading=\"lazy\" decoding=\"async\" width=\"150\" height=\"150\" src=\"https:\/\/bilica.org.br\/wp-content\/uploads\/2019\/09\/Teresa-150x150.jpg\" class=\"attachment-thumbnail size-thumbnail\" alt=\"\" aria-describedby=\"gallery-1-1109\" srcset=\"https:\/\/bilica.org.br\/wp-content\/uploads\/2019\/09\/Teresa-150x150.jpg 150w, https:\/\/bilica.org.br\/wp-content\/uploads\/2019\/09\/Teresa.jpg 226w\" sizes=\"auto, (max-width: 150px) 100vw, 150px\" \/><\/a>\n\t\t\t<\/div>\n\t\t\t\t<figcaption class='wp-caption-text gallery-caption' id='gallery-1-1109'>\n\t\t\t\tTereza, volunt\u00e1ria desde set\/2007\n\t\t\t\t<\/figcaption><\/figure><figure class='gallery-item'>\n\t\t\t<div class='gallery-icon landscape'>\n\t\t\t\t<a href='https:\/\/bilica.org.br\/?attachment_id=1110'><img loading=\"lazy\" decoding=\"async\" width=\"150\" height=\"150\" src=\"https:\/\/bilica.org.br\/wp-content\/uploads\/2019\/09\/Saul-150x150.jpg\" class=\"attachment-thumbnail size-thumbnail\" alt=\"\" aria-describedby=\"gallery-1-1110\" srcset=\"https:\/\/bilica.org.br\/wp-content\/uploads\/2019\/09\/Saul-150x150.jpg 150w, https:\/\/bilica.org.br\/wp-content\/uploads\/2019\/09\/Saul.jpg 226w\" sizes=\"auto, (max-width: 150px) 100vw, 150px\" \/><\/a>\n\t\t\t<\/div>\n\t\t\t\t<figcaption class='wp-caption-text gallery-caption' id='gallery-1-1110'>\n\t\t\t\tSaul, volunt\u00e1rio desde set\/2007\n\t\t\t\t<\/figcaption><\/figure><figure class='gallery-item'>\n\t\t\t<div class='gallery-icon landscape'>\n\t\t\t\t<a href='https:\/\/bilica.org.br\/?attachment_id=1079'><img loading=\"lazy\" decoding=\"async\" width=\"150\" height=\"150\" src=\"https:\/\/bilica.org.br\/wp-content\/uploads\/2019\/09\/Crislaine-150x150.jpeg\" class=\"attachment-thumbnail size-thumbnail\" alt=\"\" aria-describedby=\"gallery-1-1079\" \/><\/a>\n\t\t\t<\/div>\n\t\t\t\t<figcaption class='wp-caption-text gallery-caption' id='gallery-1-1079'>\n\t\t\t\tCrislaine, volunt\u00e1ria desde abr\/2019\n\t\t\t\t<\/figcaption><\/figure><figure class='gallery-item'>\n\t\t\t<div class='gallery-icon landscape'>\n\t\t\t\t<a href='https:\/\/bilica.org.br\/?attachment_id=1080'><img loading=\"lazy\" decoding=\"async\" width=\"150\" height=\"150\" src=\"https:\/\/bilica.org.br\/wp-content\/uploads\/2019\/09\/Igor-150x150.jpeg\" class=\"attachment-thumbnail size-thumbnail\" alt=\"\" aria-describedby=\"gallery-1-1080\" srcset=\"https:\/\/bilica.org.br\/wp-content\/uploads\/2019\/09\/Igor-150x150.jpeg 150w, https:\/\/bilica.org.br\/wp-content\/uploads\/2019\/09\/Igor.jpeg 200w\" sizes=\"auto, (max-width: 150px) 100vw, 150px\" \/><\/a>\n\t\t\t<\/div>\n\t\t\t\t<figcaption class='wp-caption-text gallery-caption' id='gallery-1-1080'>\n\t\t\t\tIgor, volunt\u00e1rio desde abr\/2019\n\t\t\t\t<\/figcaption><\/figure><figure class='gallery-item'>\n\t\t\t<div class='gallery-icon landscape'>\n\t\t\t\t<a href='https:\/\/bilica.org.br\/?attachment_id=1157'><img loading=\"lazy\" decoding=\"async\" width=\"150\" height=\"150\" src=\"https:\/\/bilica.org.br\/wp-content\/uploads\/2019\/09\/Samara_bilica-150x150.jpeg\" class=\"attachment-thumbnail size-thumbnail\" alt=\"\" aria-describedby=\"gallery-1-1157\" srcset=\"https:\/\/bilica.org.br\/wp-content\/uploads\/2019\/09\/Samara_bilica-150x150.jpeg 150w, https:\/\/bilica.org.br\/wp-content\/uploads\/2019\/09\/Samara_bilica-300x300.jpeg 300w, https:\/\/bilica.org.br\/wp-content\/uploads\/2019\/09\/Samara_bilica-768x768.jpeg 768w, https:\/\/bilica.org.br\/wp-content\/uploads\/2019\/09\/Samara_bilica.jpeg 849w\" sizes=\"auto, (max-width: 150px) 100vw, 150px\" \/><\/a>\n\t\t\t<\/div>\n\t\t\t\t<figcaption class='wp-caption-text gallery-caption' id='gallery-1-1157'>\n\t\t\t\tSamara, volunt\u00e1ria desde fev\/2020.\n\t\t\t\t<\/figcaption><\/figure><figure class='gallery-item'>\n\t\t\t<div class='gallery-icon portrait'>\n\t\t\t\t<a href='https:\/\/bilica.org.br\/?attachment_id=1205'><img loading=\"lazy\" decoding=\"async\" width=\"150\" height=\"150\" src=\"https:\/\/bilica.org.br\/wp-content\/uploads\/2019\/09\/aline-1-150x150.jpeg\" class=\"attachment-thumbnail size-thumbnail\" alt=\"\" aria-describedby=\"gallery-1-1205\" \/><\/a>\n\t\t\t<\/div>\n\t\t\t\t<figcaption class='wp-caption-text gallery-caption' id='gallery-1-1205'>\n\t\t\t\tAline, volunt\u00e1ria desde mar\/2024.\n\t\t\t\t<\/figcaption><\/figure><figure class='gallery-item'>\n\t\t\t<div class='gallery-icon landscape'>\n\t\t\t\t<a href='https:\/\/bilica.org.br\/?attachment_id=1212'><img loading=\"lazy\" decoding=\"async\" width=\"150\" height=\"150\" src=\"https:\/\/bilica.org.br\/wp-content\/uploads\/2019\/09\/adriana-angerami-150x150.png\" class=\"attachment-thumbnail size-thumbnail\" alt=\"\" aria-describedby=\"gallery-1-1212\" \/><\/a>\n\t\t\t<\/div>\n\t\t\t\t<figcaption class='wp-caption-text gallery-caption' id='gallery-1-1212'>\n\t\t\t\tAdriana, volunt\u00e1ria desde jul\/2024\n\t\t\t\t<\/figcaption><\/figure><figure class='gallery-item'>\n\t\t\t<div class='gallery-icon landscape'>\n\t\t\t\t<a href='https:\/\/bilica.org.br\/?attachment_id=1214'><img loading=\"lazy\" decoding=\"async\" width=\"150\" height=\"150\" src=\"https:\/\/bilica.org.br\/wp-content\/uploads\/2019\/09\/camila-150x150.png\" class=\"attachment-thumbnail size-thumbnail\" alt=\"\" aria-describedby=\"gallery-1-1214\" \/><\/a>\n\t\t\t<\/div>\n\t\t\t\t<figcaption class='wp-caption-text gallery-caption' id='gallery-1-1214'>\n\t\t\t\tCamila, volunt\u00e1ria desde jun\/2024\n\t\t\t\t<\/figcaption><\/figure><figure class='gallery-item'>\n\t\t\t<div class='gallery-icon portrait'>\n\t\t\t\t<a href='https:\/\/bilica.org.br\/?attachment_id=1217'><img loading=\"lazy\" decoding=\"async\" width=\"150\" height=\"150\" src=\"https:\/\/bilica.org.br\/wp-content\/uploads\/2019\/09\/dari-150x150.jpeg\" class=\"attachment-thumbnail size-thumbnail\" alt=\"\" aria-describedby=\"gallery-1-1217\" \/><\/a>\n\t\t\t<\/div>\n\t\t\t\t<figcaption class='wp-caption-text gallery-caption' id='gallery-1-1217'>\n\t\t\t\tDariana volunt\u00e1ria desde jul\/2024\n\t\t\t\t<\/figcaption><\/figure>\n\t\t<\/div>\n\n<h1>Alguns dos volunt\u00e1rios que passaram pela BILICA<\/h1>\n<div id='gallery-2' class='gallery galleryid-1075 gallery-columns-3 gallery-size-thumbnail'><figure class='gallery-item'>\n\t\t\t<div class='gallery-icon landscape'>\n\t\t\t\t<a href='https:\/\/bilica.org.br\/?attachment_id=1102'><img loading=\"lazy\" decoding=\"async\" width=\"150\" height=\"150\" src=\"https:\/\/bilica.org.br\/wp-content\/uploads\/2019\/09\/doris-150x150.jpg\" class=\"attachment-thumbnail size-thumbnail\" alt=\"\" aria-describedby=\"gallery-2-1102\" srcset=\"https:\/\/bilica.org.br\/wp-content\/uploads\/2019\/09\/doris-150x150.jpg 150w, https:\/\/bilica.org.br\/wp-content\/uploads\/2019\/09\/doris-300x300.jpg 300w, https:\/\/bilica.org.br\/wp-content\/uploads\/2019\/09\/doris.jpg 537w\" sizes=\"auto, (max-width: 150px) 100vw, 150px\" \/><\/a>\n\t\t\t<\/div>\n\t\t\t\t<figcaption class='wp-caption-text gallery-caption' id='gallery-2-1102'>\n\t\t\t\tD\u00f3ris, volunt\u00e1ria desde set\/2007 at\u00e9 jan\/2024\n\t\t\t\t<\/figcaption><\/figure><figure class='gallery-item'>\n\t\t\t<div class='gallery-icon landscape'>\n\t\t\t\t<a href='https:\/\/bilica.org.br\/?attachment_id=1112'><img loading=\"lazy\" decoding=\"async\" width=\"150\" height=\"150\" src=\"https:\/\/bilica.org.br\/wp-content\/uploads\/2019\/09\/Marisa-150x150.jpg\" class=\"attachment-thumbnail size-thumbnail\" alt=\"\" aria-describedby=\"gallery-2-1112\" srcset=\"https:\/\/bilica.org.br\/wp-content\/uploads\/2019\/09\/Marisa-150x150.jpg 150w, https:\/\/bilica.org.br\/wp-content\/uploads\/2019\/09\/Marisa-300x300.jpg 300w, https:\/\/bilica.org.br\/wp-content\/uploads\/2019\/09\/Marisa.jpg 418w\" sizes=\"auto, (max-width: 150px) 100vw, 150px\" \/><\/a>\n\t\t\t<\/div>\n\t\t\t\t<figcaption class='wp-caption-text gallery-caption' id='gallery-2-1112'>\n\t\t\t\tMarisa, volunt\u00e1ria desde set\/2007 at\u00e9 jan\/2024\n\t\t\t\t<\/figcaption><\/figure><figure class='gallery-item'>\n\t\t\t<div class='gallery-icon landscape'>\n\t\t\t\t<a href='https:\/\/bilica.org.br\/?attachment_id=1078'><img loading=\"lazy\" decoding=\"async\" width=\"150\" height=\"150\" src=\"https:\/\/bilica.org.br\/wp-content\/uploads\/2019\/09\/Ana-150x150.jpeg\" class=\"attachment-thumbnail size-thumbnail\" alt=\"\" aria-describedby=\"gallery-2-1078\" srcset=\"https:\/\/bilica.org.br\/wp-content\/uploads\/2019\/09\/Ana-150x150.jpeg 150w, https:\/\/bilica.org.br\/wp-content\/uploads\/2019\/09\/Ana-300x300.jpeg 300w, https:\/\/bilica.org.br\/wp-content\/uploads\/2019\/09\/Ana.jpeg 712w\" sizes=\"auto, (max-width: 150px) 100vw, 150px\" \/><\/a>\n\t\t\t<\/div>\n\t\t\t\t<figcaption class='wp-caption-text gallery-caption' id='gallery-2-1078'>\n\t\t\t\tAna, volunt\u00e1ria desde jul\/2019 at\u00e9 jan\/2020\n\t\t\t\t<\/figcaption><\/figure><figure class='gallery-item'>\n\t\t\t<div class='gallery-icon portrait'>\n\t\t\t\t<a href='https:\/\/bilica.org.br\/?attachment_id=1155'><img loading=\"lazy\" decoding=\"async\" width=\"150\" height=\"150\" src=\"https:\/\/bilica.org.br\/wp-content\/uploads\/2019\/09\/Milena_bilica-150x150.jpg\" class=\"attachment-thumbnail size-thumbnail\" alt=\"\" aria-describedby=\"gallery-2-1155\" \/><\/a>\n\t\t\t<\/div>\n\t\t\t\t<figcaption class='wp-caption-text gallery-caption' id='gallery-2-1155'>\n\t\t\t\tMilena, volunt\u00e1ria desde fev\/2020 at\u00e9 fev\/2022.\n\t\t\t\t<\/figcaption><\/figure><figure class='gallery-item'>\n\t\t\t<div class='gallery-icon portrait'>\n\t\t\t\t<a href='https:\/\/bilica.org.br\/?attachment_id=1081'><img loading=\"lazy\" decoding=\"async\" width=\"150\" height=\"150\" src=\"https:\/\/bilica.org.br\/wp-content\/uploads\/2019\/09\/Joyce-150x150.jpeg\" class=\"attachment-thumbnail size-thumbnail\" alt=\"\" aria-describedby=\"gallery-2-1081\" \/><\/a>\n\t\t\t<\/div>\n\t\t\t\t<figcaption class='wp-caption-text gallery-caption' id='gallery-2-1081'>\n\t\t\t\tJoyce, volunt\u00e1ria de ago a set de 2019\n\t\t\t\t<\/figcaption><\/figure><figure class='gallery-item'>\n\t\t\t<div class='gallery-icon portrait'>\n\t\t\t\t<a href='https:\/\/bilica.org.br\/?attachment_id=1179'><img loading=\"lazy\" decoding=\"async\" width=\"150\" height=\"150\" src=\"https:\/\/bilica.org.br\/wp-content\/uploads\/2019\/09\/WhatsApp-Image-2022-02-05-at-13.38.45-150x150.jpeg\" class=\"attachment-thumbnail size-thumbnail\" alt=\"\" aria-describedby=\"gallery-2-1179\" \/><\/a>\n\t\t\t<\/div>\n\t\t\t\t<figcaption class='wp-caption-text gallery-caption' id='gallery-2-1179'>\n\t\t\t\tMarina, volunt\u00e1ria desde fev\/2022 at\u00e9 mai\/2024.\n\t\t\t\t<\/figcaption><\/figure><figure class='gallery-item'>\n\t\t\t<div class='gallery-icon landscape'>\n\t\t\t\t<a href='https:\/\/bilica.org.br\/?attachment_id=1124'><img loading=\"lazy\" decoding=\"async\" width=\"150\" height=\"150\" src=\"https:\/\/bilica.org.br\/wp-content\/uploads\/2019\/09\/carol_kayser-1-150x150.jpg\" class=\"attachment-thumbnail size-thumbnail\" alt=\"\" aria-describedby=\"gallery-2-1124\" srcset=\"https:\/\/bilica.org.br\/wp-content\/uploads\/2019\/09\/carol_kayser-1-150x150.jpg 150w, https:\/\/bilica.org.br\/wp-content\/uploads\/2019\/09\/carol_kayser-1-300x300.jpg 300w, https:\/\/bilica.org.br\/wp-content\/uploads\/2019\/09\/carol_kayser-1-768x768.jpg 768w, https:\/\/bilica.org.br\/wp-content\/uploads\/2019\/09\/carol_kayser-1.jpg 959w\" sizes=\"auto, (max-width: 150px) 100vw, 150px\" \/><\/a>\n\t\t\t<\/div>\n\t\t\t\t<figcaption class='wp-caption-text gallery-caption' id='gallery-2-1124'>\n\t\t\t\tCarolina, volunt\u00e1ria desde ago\/2018 at\u00e9 s\/data.\n\t\t\t\t<\/figcaption><\/figure><figure class='gallery-item'>\n\t\t\t<div class='gallery-icon landscape'>\n\t\t\t\t<a href='https:\/\/bilica.org.br\/?attachment_id=1119'><img loading=\"lazy\" decoding=\"async\" width=\"150\" height=\"150\" src=\"https:\/\/bilica.org.br\/wp-content\/uploads\/2019\/09\/camila-150x150.jpeg\" class=\"attachment-thumbnail size-thumbnail\" alt=\"\" aria-describedby=\"gallery-2-1119\" srcset=\"https:\/\/bilica.org.br\/wp-content\/uploads\/2019\/09\/camila-150x150.jpeg 150w, https:\/\/bilica.org.br\/wp-content\/uploads\/2019\/09\/camila-300x300.jpeg 300w, https:\/\/bilica.org.br\/wp-content\/uploads\/2019\/09\/camila-768x768.jpeg 768w, https:\/\/bilica.org.br\/wp-content\/uploads\/2019\/09\/camila.jpeg 866w\" sizes=\"auto, (max-width: 150px) 100vw, 150px\" \/><\/a>\n\t\t\t<\/div>\n\t\t\t\t<figcaption class='wp-caption-text gallery-caption' id='gallery-2-1119'>\n\t\t\t\tCamilla, volunt\u00e1ria desde jul\/2019 at\u00e9 s\/data\n\t\t\t\t<\/figcaption><\/figure><figure class='gallery-item'>\n\t\t\t<div class='gallery-icon landscape'>\n\t\t\t\t<a href='https:\/\/bilica.org.br\/?attachment_id=1098'><img loading=\"lazy\" decoding=\"async\" width=\"150\" height=\"150\" src=\"https:\/\/bilica.org.br\/wp-content\/uploads\/2019\/09\/roger-150x150.jpg\" class=\"attachment-thumbnail size-thumbnail\" alt=\"\" aria-describedby=\"gallery-2-1098\" srcset=\"https:\/\/bilica.org.br\/wp-content\/uploads\/2019\/09\/roger-150x150.jpg 150w, https:\/\/bilica.org.br\/wp-content\/uploads\/2019\/09\/roger-300x300.jpg 300w, https:\/\/bilica.org.br\/wp-content\/uploads\/2019\/09\/roger.jpg 458w\" sizes=\"auto, (max-width: 150px) 100vw, 150px\" \/><\/a>\n\t\t\t<\/div>\n\t\t\t\t<figcaption class='wp-caption-text gallery-caption' id='gallery-2-1098'>\n\t\t\t\tRoger, volunt\u00e1rio desde set\/2019 at\u00e9 fev\/2020\n\t\t\t\t<\/figcaption><\/figure><figure class='gallery-item'>\n\t\t\t<div class='gallery-icon portrait'>\n\t\t\t\t<a href='https:\/\/bilica.org.br\/?attachment_id=1103'><img loading=\"lazy\" decoding=\"async\" width=\"150\" height=\"150\" src=\"https:\/\/bilica.org.br\/wp-content\/uploads\/2019\/09\/arthur-150x150.jpg\" class=\"attachment-thumbnail size-thumbnail\" alt=\"\" aria-describedby=\"gallery-2-1103\" srcset=\"https:\/\/bilica.org.br\/wp-content\/uploads\/2019\/09\/arthur-150x150.jpg 150w, https:\/\/bilica.org.br\/wp-content\/uploads\/2019\/09\/arthur-300x300.jpg 300w, https:\/\/bilica.org.br\/wp-content\/uploads\/2019\/09\/arthur.jpg 674w\" sizes=\"auto, (max-width: 150px) 100vw, 150px\" \/><\/a>\n\t\t\t<\/div>\n\t\t\t\t<figcaption class='wp-caption-text gallery-caption' id='gallery-2-1103'>\n\t\t\t\tArthur, volunt\u00e1rio desde set\/2019 at\u00e9 fev\/2020\n\t\t\t\t<\/figcaption><\/figure><figure class='gallery-item'>\n\t\t\t<div class='gallery-icon landscape'>\n\t\t\t\t<a href='https:\/\/bilica.org.br\/?attachment_id=1101'><img loading=\"lazy\" decoding=\"async\" width=\"150\" height=\"150\" src=\"https:\/\/bilica.org.br\/wp-content\/uploads\/2019\/09\/josalba-150x150.jpg\" class=\"attachment-thumbnail size-thumbnail\" alt=\"\" aria-describedby=\"gallery-2-1101\" srcset=\"https:\/\/bilica.org.br\/wp-content\/uploads\/2019\/09\/josalba-150x150.jpg 150w, https:\/\/bilica.org.br\/wp-content\/uploads\/2019\/09\/josalba-300x300.jpg 300w, https:\/\/bilica.org.br\/wp-content\/uploads\/2019\/09\/josalba.jpg 743w\" sizes=\"auto, (max-width: 150px) 100vw, 150px\" \/><\/a>\n\t\t\t<\/div>\n\t\t\t\t<figcaption class='wp-caption-text gallery-caption' id='gallery-2-1101'>\n\t\t\t\tJosalba, volunt\u00e1ria desde set\/2007\n\t\t\t\t<\/figcaption><\/figure><figure class='gallery-item'>\n\t\t\t<div class='gallery-icon portrait'>\n\t\t\t\t<a href='https:\/\/bilica.org.br\/?attachment_id=1083'><img loading=\"lazy\" decoding=\"async\" width=\"150\" height=\"150\" src=\"https:\/\/bilica.org.br\/wp-content\/uploads\/2019\/09\/Larissa-150x150.jpeg\" class=\"attachment-thumbnail size-thumbnail\" alt=\"\" aria-describedby=\"gallery-2-1083\" \/><\/a>\n\t\t\t<\/div>\n\t\t\t\t<figcaption class='wp-caption-text gallery-caption' id='gallery-2-1083'>\n\t\t\t\tLarissa, volunt\u00e1ria desde set\/2019 at\u00e9 fev\/2020\n\t\t\t\t<\/figcaption><\/figure><figure class='gallery-item'>\n\t\t\t<div class='gallery-icon landscape'>\n\t\t\t\t<a href='https:\/\/bilica.org.br\/?attachment_id=1106'><img loading=\"lazy\" decoding=\"async\" width=\"150\" height=\"150\" src=\"https:\/\/bilica.org.br\/wp-content\/uploads\/2019\/09\/paula-150x150.jpg\" class=\"attachment-thumbnail size-thumbnail\" alt=\"\" aria-describedby=\"gallery-2-1106\" srcset=\"https:\/\/bilica.org.br\/wp-content\/uploads\/2019\/09\/paula-150x150.jpg 150w, https:\/\/bilica.org.br\/wp-content\/uploads\/2019\/09\/paula-300x300.jpg 300w, https:\/\/bilica.org.br\/wp-content\/uploads\/2019\/09\/paula.jpg 661w\" sizes=\"auto, (max-width: 150px) 100vw, 150px\" \/><\/a>\n\t\t\t<\/div>\n\t\t\t\t<figcaption class='wp-caption-text gallery-caption' id='gallery-2-1106'>\n\t\t\t\tPaula, volunt\u00e1ria desde mai\/2019 at\u00e9 fev\/2020\n\t\t\t\t<\/figcaption><\/figure><figure class='gallery-item'>\n\t\t\t<div class='gallery-icon landscape'>\n\t\t\t\t<a href='https:\/\/bilica.org.br\/?attachment_id=1105'><img loading=\"lazy\" decoding=\"async\" width=\"150\" height=\"150\" src=\"https:\/\/bilica.org.br\/wp-content\/uploads\/2019\/09\/glaucia-150x150.jpg\" class=\"attachment-thumbnail size-thumbnail\" alt=\"\" aria-describedby=\"gallery-2-1105\" srcset=\"https:\/\/bilica.org.br\/wp-content\/uploads\/2019\/09\/glaucia-150x150.jpg 150w, https:\/\/bilica.org.br\/wp-content\/uploads\/2019\/09\/glaucia-300x300.jpg 300w, https:\/\/bilica.org.br\/wp-content\/uploads\/2019\/09\/glaucia.jpg 542w\" sizes=\"auto, (max-width: 150px) 100vw, 150px\" \/><\/a>\n\t\t\t<\/div>\n\t\t\t\t<figcaption class='wp-caption-text gallery-caption' id='gallery-2-1105'>\n\t\t\t\tGl\u00e1ucia, volunt\u00e1ria desde mai\/2019 at\u00e9 fev\/2020\n\t\t\t\t<\/figcaption><\/figure><figure class='gallery-item'>\n\t\t\t<div class='gallery-icon portrait'>\n\t\t\t\t<a href='https:\/\/bilica.org.br\/?attachment_id=1100'><img loading=\"lazy\" decoding=\"async\" width=\"150\" height=\"150\" src=\"https:\/\/bilica.org.br\/wp-content\/uploads\/2019\/09\/juvenal-150x150.jpg\" class=\"attachment-thumbnail size-thumbnail\" alt=\"\" aria-describedby=\"gallery-2-1100\" srcset=\"https:\/\/bilica.org.br\/wp-content\/uploads\/2019\/09\/juvenal-150x150.jpg 150w, https:\/\/bilica.org.br\/wp-content\/uploads\/2019\/09\/juvenal-300x300.jpg 300w, https:\/\/bilica.org.br\/wp-content\/uploads\/2019\/09\/juvenal.jpg 688w\" sizes=\"auto, (max-width: 150px) 100vw, 150px\" \/><\/a>\n\t\t\t<\/div>\n\t\t\t\t<figcaption class='wp-caption-text gallery-caption' id='gallery-2-1100'>\n\t\t\t\tJuvenal, volunt\u00e1rio desde mai\/2019 at\u00e9 fev\/2020\n\t\t\t\t<\/figcaption><\/figure><figure class='gallery-item'>\n\t\t\t<div class='gallery-icon landscape'>\n\t\t\t\t<a href='https:\/\/bilica.org.br\/?attachment_id=1203'><img loading=\"lazy\" decoding=\"async\" width=\"150\" height=\"150\" src=\"https:\/\/bilica.org.br\/wp-content\/uploads\/2019\/09\/julia-150x150.jpeg\" class=\"attachment-thumbnail size-thumbnail\" alt=\"\" aria-describedby=\"gallery-2-1203\" \/><\/a>\n\t\t\t<\/div>\n\t\t\t\t<figcaption class='wp-caption-text gallery-caption' id='gallery-2-1203'>\n\t\t\t\tJ\u00falia, volunt\u00e1ria de mar\/2022 at\u00e9 jun\/2024\n\t\t\t\t<\/figcaption><\/figure>\n\t\t<\/div>\n\n","protected":false},"excerpt":{"rendered":"<p>A Bilica conta com a colabora\u00e7\u00e3o preciosa de muitas pessoas para realizar as atividades. Alguns dos volunt\u00e1rios que passaram pela BILICA<\/p>\n","protected":false},"author":101013,"featured_media":1117,"parent":0,"menu_order":0,"comment_status":"closed","ping_status":"closed","template":"page-templates\/full-width.php","meta":{"footnotes":""},"class_list":["post-1075","page","type-page","status-publish","has-post-thumbnail","hentry"],"_links":{"self":[{"href":"https:\/\/bilica.org.br\/index.php?rest_route=\/wp\/v2\/pages\/1075","targetHints":{"allow":["GET"]}}],"collection":[{"href":"https:\/\/bilica.org.br\/index.php?rest_route=\/wp\/v2\/pages"}],"about":[{"href":"https:\/\/bilica.org.br\/index.php?rest_route=\/wp\/v2\/types\/page"}],"author":[{"embeddable":true,"href":"https:\/\/bilica.org.br\/index.php?rest_route=\/wp\/v2\/users\/101013"}],"replies":[{"embeddable":true,"href":"https:\/\/bilica.org.br\/index.php?rest_route=%2Fwp%2Fv2%2Fcomments&post=1075"}],"version-history":[{"count":32,"href":"https:\/\/bilica.org.br\/index.php?rest_route=\/wp\/v2\/pages\/1075\/revisions"}],"predecessor-version":[{"id":1218,"href":"https:\/\/bilica.org.br\/index.php?rest_route=\/wp\/v2\/pages\/1075\/revisions\/1218"}],"wp:featuredmedia":[{"embeddable":true,"href":"https:\/\/bilica.org.br\/index.php?rest_route=\/wp\/v2\/media\/1117"}],"wp:attachment":[{"href":"https:\/\/bilica.org.br\/index.php?rest_route=%2Fwp%2Fv2%2Fmedia&parent=1075"}],"curies":[{"name":"wp","href":"https:\/\/api.w.org\/{rel}","templated":true}]}}